{"id":448,"date":"2018-04-20T10:52:33","date_gmt":"2018-04-20T10:52:33","guid":{"rendered":"http:\/\/luismunozmarin.org\/?page_id=448"},"modified":"2021-06-02T07:25:04","modified_gmt":"2021-06-02T07:25:04","slug":"eventos","status":"publish","type":"page","link":"https:\/\/luismunozmarin.org\/en\/eventos\/","title":{"rendered":"Eventos"},"content":{"rendered":"\t\t<div data-elementor-type=\"wp-post\" data-elementor-id=\"448\" class=\"elementor elementor-448\" data-elementor-post-type=\"page\">\n\t\t\t\t\t\t<section class=\"elementor-section elementor-top-section elementor-element elementor-element-6ed3f73 elementor-section-full_width elementor-section-height-min-height elementor-section-height-default elementor-section-items-middle\" data-id=\"6ed3f73\" data-element_type=\"section\" data-e-type=\"section\" data-settings=\"{&quot;jet_parallax_layout_list&quot;:[{&quot;jet_parallax_layout_image&quot;:{&quot;url&quot;:&quot;&quot;,&quot;id&quot;:&quot;&quot;,&quot;size&quot;:&quot;&quot;},&quot;_id&quot;:&quot;172b6b4&quot;,&quot;jet_parallax_layout_image_tablet&quot;:{&quot;url&quot;:&quot;&quot;,&quot;id&quot;:&quot;&quot;,&quot;size&quot;:&quot;&quot;},&quot;jet_parallax_layout_image_mobile&quot;:{&quot;url&quot;:&quot;&quot;,&quot;id&quot;:&quot;&quot;,&quot;size&quot;:&quot;&quot;},&quot;jet_parallax_layout_speed&quot;:{&quot;unit&quot;:&quot;%&quot;,&quot;size&quot;:50,&quot;sizes&quot;:[]},&quot;jet_parallax_layout_type&quot;:&quot;scroll&quot;,&quot;jet_parallax_layout_direction&quot;:&quot;1&quot;,&quot;jet_parallax_layout_fx_direction&quot;:null,&quot;jet_parallax_layout_z_index&quot;:&quot;&quot;,&quot;jet_parallax_layout_bg_x&quot;:50,&quot;jet_parallax_layout_bg_x_tablet&quot;:&quot;&quot;,&quot;jet_parallax_layout_bg_x_mobile&quot;:&quot;&quot;,&quot;jet_parallax_layout_bg_y&quot;:50,&quot;jet_parallax_layout_bg_y_tablet&quot;:&quot;&quot;,&quot;jet_parallax_layout_bg_y_mobile&quot;:&quot;&quot;,&quot;jet_parallax_layout_bg_size&quot;:&quot;auto&quot;,&quot;jet_parallax_layout_bg_size_tablet&quot;:&quot;&quot;,&quot;jet_parallax_layout_bg_size_mobile&quot;:&quot;&quot;,&quot;jet_parallax_layout_animation_prop&quot;:&quot;transform&quot;,&quot;jet_parallax_layout_on&quot;:[&quot;desktop&quot;,&quot;tablet&quot;]}],&quot;background_background&quot;:&quot;classic&quot;}\">\n\t\t\t\t\t\t\t<div class=\"elementor-background-overlay\"><\/div>\n\t\t\t\t\t\t\t<div class=\"elementor-container elementor-column-gap-default\">\n\t\t\t\t\t<div class=\"elementor-column elementor-col-100 elementor-top-column elementor-element elementor-element-924bab1\" data-id=\"924bab1\" data-element_type=\"column\" data-e-type=\"column\">\n\t\t\t<div class=\"elementor-widget-wrap elementor-element-populated\">\n\t\t\t\t\t\t\t<\/div>\n\t\t<\/div>\n\t\t\t\t\t<\/div>\n\t\t<\/section>\n\t\t\t\t<section class=\"elementor-section elementor-top-section elementor-element elementor-element-20093b5 elementor-section-boxed elementor-section-height-default elementor-section-height-default\" data-id=\"20093b5\" data-element_type=\"section\" data-e-type=\"section\" data-settings=\"{&quot;jet_parallax_layout_list&quot;:[{&quot;jet_parallax_layout_image&quot;:{&quot;url&quot;:&quot;&quot;,&quot;id&quot;:&quot;&quot;,&quot;size&quot;:&quot;&quot;},&quot;_id&quot;:&quot;8078af0&quot;,&quot;jet_parallax_layout_image_tablet&quot;:{&quot;url&quot;:&quot;&quot;,&quot;id&quot;:&quot;&quot;,&quot;size&quot;:&quot;&quot;},&quot;jet_parallax_layout_image_mobile&quot;:{&quot;url&quot;:&quot;&quot;,&quot;id&quot;:&quot;&quot;,&quot;size&quot;:&quot;&quot;},&quot;jet_parallax_layout_speed&quot;:{&quot;unit&quot;:&quot;%&quot;,&quot;size&quot;:50,&quot;sizes&quot;:[]},&quot;jet_parallax_layout_type&quot;:&quot;scroll&quot;,&quot;jet_parallax_layout_direction&quot;:&quot;1&quot;,&quot;jet_parallax_layout_fx_direction&quot;:null,&quot;jet_parallax_layout_z_index&quot;:&quot;&quot;,&quot;jet_parallax_layout_bg_x&quot;:50,&quot;jet_parallax_layout_bg_x_tablet&quot;:&quot;&quot;,&quot;jet_parallax_layout_bg_x_mobile&quot;:&quot;&quot;,&quot;jet_parallax_layout_bg_y&quot;:50,&quot;jet_parallax_layout_bg_y_tablet&quot;:&quot;&quot;,&quot;jet_parallax_layout_bg_y_mobile&quot;:&quot;&quot;,&quot;jet_parallax_layout_bg_size&quot;:&quot;auto&quot;,&quot;jet_parallax_layout_bg_size_tablet&quot;:&quot;&quot;,&quot;jet_parallax_layout_bg_size_mobile&quot;:&quot;&quot;,&quot;jet_parallax_layout_animation_prop&quot;:&quot;transform&quot;,&quot;jet_parallax_layout_on&quot;:[&quot;desktop&quot;,&quot;tablet&quot;]}]}\">\n\t\t\t\t\t\t<div class=\"elementor-container elementor-column-gap-default\">\n\t\t\t\t\t<div class=\"elementor-column elementor-col-100 elementor-top-column elementor-element elementor-element-9b1af2f\" data-id=\"9b1af2f\" data-element_type=\"column\" data-e-type=\"column\">\n\t\t\t<div class=\"elementor-widget-wrap elementor-element-populated\">\n\t\t\t\t\t\t<div class=\"elementor-element elementor-element-d36550f elementor-widget elementor-widget-xs-event\" data-id=\"d36550f\" data-element_type=\"widget\" data-e-type=\"widget\" data-widget_type=\"xs-event.default\">\n\t\t\t\t<div class=\"elementor-widget-container\">\n\t\t\t\t\t                          <div class=\"row event-v2\">                <div class=\"col-lg-4 col-md-6\">\n    <div class=\"xs-single-event\">\n                    <div class=\"xs-event-image\">\n                <img fetchpriority=\"high\" decoding=\"async\" width=\"1170\" height=\"450\" src=\"https:\/\/luismunozmarin.org\/wp-content\/uploads\/2018\/04\/cine-propaganda-y-gobierno-en-pr-w.jpg\" class=\"xs-ch__image\" alt=\"Cine propaganda y gobierno en Puerto Rico\" srcset=\"https:\/\/luismunozmarin.org\/wp-content\/uploads\/2018\/04\/cine-propaganda-y-gobierno-en-pr-w.jpg 1170w, https:\/\/luismunozmarin.org\/wp-content\/uploads\/2018\/04\/cine-propaganda-y-gobierno-en-pr-w-600x231.jpg 600w, https:\/\/luismunozmarin.org\/wp-content\/uploads\/2018\/04\/cine-propaganda-y-gobierno-en-pr-w-768x295.jpg 768w\" sizes=\"(max-width: 1170px) 100vw, 1170px\" \/>                <div class=\"event-date-wraper\">\n                    <svg xmlns=\"http:\/\/www.w3.org\/2000\/svg\" xmlns:xlink=\"http:\/\/www.w3.org\/1999\/xlink\" viewBox=\"0 0 112 112\" preserveAspectRatio=\"none\" width=\"112\" height=\"112\">\n                        <path fill-rule=\"evenodd\" d=\"M0.000,112.000 L112.000,0.000 L0.000,0.000 L0.000,112.000 Z\"\/>\n                    <\/svg>\n                    <div class=\"event-date\">\n                        <strong>30<\/strong> Apr                    <\/div>\n                <\/div>\n                            <\/div>\n                <div class=\"xs-event-content\">\n            <h5 class=\"xs-title\">\n                <a href=\"https:\/\/luismunozmarin.org\/en\/event\/cine-propaganda-y-gobierno-en-puerto-rico\/\">Cine propaganda y gobierno en Puerto Rico<\/a>\n            <\/h5>\n            <ul class=\"xs-event-list\">\n                                \n                            <\/ul>\n        <\/div>\n    <\/div>\n<\/div>                    \n                    <div class=\"col-lg-4 col-md-6\">\n    <div class=\"xs-single-event\">\n                    <div class=\"xs-event-image\">\n                <img decoding=\"async\" width=\"1170\" height=\"450\" src=\"https:\/\/luismunozmarin.org\/wp-content\/uploads\/2018\/09\/luis-ramos.jpg\" class=\"xs-ch__image\" alt=\"Luis Ramos y la eternidad del instante. Fotos de un Puerto Rico en transici\u00f3n.\" srcset=\"https:\/\/luismunozmarin.org\/wp-content\/uploads\/2018\/09\/luis-ramos.jpg 1170w, https:\/\/luismunozmarin.org\/wp-content\/uploads\/2018\/09\/luis-ramos-600x231.jpg 600w, https:\/\/luismunozmarin.org\/wp-content\/uploads\/2018\/09\/luis-ramos-768x295.jpg 768w\" sizes=\"(max-width: 1170px) 100vw, 1170px\" \/>                <div class=\"event-date-wraper\">\n                    <svg xmlns=\"http:\/\/www.w3.org\/2000\/svg\" xmlns:xlink=\"http:\/\/www.w3.org\/1999\/xlink\" viewBox=\"0 0 112 112\" preserveAspectRatio=\"none\" width=\"112\" height=\"112\">\n                        <path fill-rule=\"evenodd\" d=\"M0.000,112.000 L112.000,0.000 L0.000,0.000 L0.000,112.000 Z\"\/>\n                    <\/svg>\n                    <div class=\"event-date\">\n                        <strong>30<\/strong> Apr                    <\/div>\n                <\/div>\n                            <\/div>\n                <div class=\"xs-event-content\">\n            <h5 class=\"xs-title\">\n                <a href=\"https:\/\/luismunozmarin.org\/en\/event\/luis-ramos-y-la-eternidad-del-instante-fotos-de-un-puerto-rico-en-transicion\/\">Luis Ramos y la eternidad del instante. Fotos de un Puerto Rico en transici\u00f3n.<\/a>\n            <\/h5>\n            <ul class=\"xs-event-list\">\n                                \n                            <\/ul>\n        <\/div>\n    <\/div>\n<\/div>                    \n                    <div class=\"col-lg-4 col-md-6\">\n    <div class=\"xs-single-event\">\n                    <div class=\"xs-event-image\">\n                <img decoding=\"async\" width=\"1170\" height=\"450\" src=\"https:\/\/luismunozmarin.org\/wp-content\/uploads\/2018\/09\/seminario-maestros.jpg\" class=\"xs-ch__image\" alt=\"Seminario para Maestros: Puerto Rico, el Caribe: frontera de la Guerra Fr\u00eda\" srcset=\"https:\/\/luismunozmarin.org\/wp-content\/uploads\/2018\/09\/seminario-maestros.jpg 1170w, https:\/\/luismunozmarin.org\/wp-content\/uploads\/2018\/09\/seminario-maestros-600x231.jpg 600w, https:\/\/luismunozmarin.org\/wp-content\/uploads\/2018\/09\/seminario-maestros-768x295.jpg 768w\" sizes=\"(max-width: 1170px) 100vw, 1170px\" \/>                <div class=\"event-date-wraper\">\n                    <svg xmlns=\"http:\/\/www.w3.org\/2000\/svg\" xmlns:xlink=\"http:\/\/www.w3.org\/1999\/xlink\" viewBox=\"0 0 112 112\" preserveAspectRatio=\"none\" width=\"112\" height=\"112\">\n                        <path fill-rule=\"evenodd\" d=\"M0.000,112.000 L112.000,0.000 L0.000,0.000 L0.000,112.000 Z\"\/>\n                    <\/svg>\n                    <div class=\"event-date\">\n                        <strong>30<\/strong> Apr                    <\/div>\n                <\/div>\n                            <\/div>\n                <div class=\"xs-event-content\">\n            <h5 class=\"xs-title\">\n                <a href=\"https:\/\/luismunozmarin.org\/en\/event\/seminario-para-maestros-puerto-rico-el-caribe-frontera-de-la-guerra-fria\/\">Seminario para Maestros: Puerto Rico, el Caribe: frontera de la Guerra Fr\u00eda<\/a>\n            <\/h5>\n            <ul class=\"xs-event-list\">\n                                \n                            <\/ul>\n        <\/div>\n    <\/div>\n<\/div>                    \n                    <div class=\"col-lg-4 col-md-6\">\n    <div class=\"xs-single-event\">\n                    <div class=\"xs-event-image\">\n                <img loading=\"lazy\" decoding=\"async\" width=\"1170\" height=\"450\" src=\"https:\/\/luismunozmarin.org\/wp-content\/uploads\/2018\/09\/jose-trias.jpg\" class=\"xs-ch__image\" alt=\"Presentaci\u00f3n del libro \u00abJos\u00e9 Tr\u00edas Monge: Estado Libre Asociado y el reformismo jur\u00eddico colonial, 1950-2002 del Lcdo. Jorge V\u00e9lez V\u00e9lez\" srcset=\"https:\/\/luismunozmarin.org\/wp-content\/uploads\/2018\/09\/jose-trias.jpg 1170w, https:\/\/luismunozmarin.org\/wp-content\/uploads\/2018\/09\/jose-trias-600x231.jpg 600w, https:\/\/luismunozmarin.org\/wp-content\/uploads\/2018\/09\/jose-trias-768x295.jpg 768w\" sizes=\"(max-width: 1170px) 100vw, 1170px\" \/>                <div class=\"event-date-wraper\">\n                    <svg xmlns=\"http:\/\/www.w3.org\/2000\/svg\" xmlns:xlink=\"http:\/\/www.w3.org\/1999\/xlink\" viewBox=\"0 0 112 112\" preserveAspectRatio=\"none\" width=\"112\" height=\"112\">\n                        <path fill-rule=\"evenodd\" d=\"M0.000,112.000 L112.000,0.000 L0.000,0.000 L0.000,112.000 Z\"\/>\n                    <\/svg>\n                    <div class=\"event-date\">\n                        <strong>30<\/strong> Apr                    <\/div>\n                <\/div>\n                            <\/div>\n                <div class=\"xs-event-content\">\n            <h5 class=\"xs-title\">\n                <a href=\"https:\/\/luismunozmarin.org\/en\/event\/presentacion-del-libro-jose-trias-monge-estado-libre-asociado-y-el-reformismo-juridico-colonial-1950-2002-del-lcdo-jorge-velez-velez\/\">Presentaci\u00f3n del libro \u00abJos\u00e9 Tr\u00edas Monge: Estado Libre Asociado y el reformismo jur\u00eddico colonial, 1950-2002 del Lcdo. Jorge V\u00e9lez V\u00e9lez<\/a>\n            <\/h5>\n            <ul class=\"xs-event-list\">\n                                \n                            <\/ul>\n        <\/div>\n    <\/div>\n<\/div>                    \n                    <div class=\"col-lg-4 col-md-6\">\n    <div class=\"xs-single-event\">\n                    <div class=\"xs-event-image\">\n                <img loading=\"lazy\" decoding=\"async\" width=\"1170\" height=\"450\" src=\"https:\/\/luismunozmarin.org\/wp-content\/uploads\/2018\/09\/dr-ariel-lugo.jpg\" class=\"xs-ch__image\" alt=\"Charla: Los efectos sociales, ecol\u00f3gicos y tecnol\u00f3gicos del Hurac\u00e1n Mar\u00eda sobre Puerto Rico\" srcset=\"https:\/\/luismunozmarin.org\/wp-content\/uploads\/2018\/09\/dr-ariel-lugo.jpg 1170w, https:\/\/luismunozmarin.org\/wp-content\/uploads\/2018\/09\/dr-ariel-lugo-600x231.jpg 600w, https:\/\/luismunozmarin.org\/wp-content\/uploads\/2018\/09\/dr-ariel-lugo-768x295.jpg 768w\" sizes=\"(max-width: 1170px) 100vw, 1170px\" \/>                <div class=\"event-date-wraper\">\n                    <svg xmlns=\"http:\/\/www.w3.org\/2000\/svg\" xmlns:xlink=\"http:\/\/www.w3.org\/1999\/xlink\" viewBox=\"0 0 112 112\" preserveAspectRatio=\"none\" width=\"112\" height=\"112\">\n                        <path fill-rule=\"evenodd\" d=\"M0.000,112.000 L112.000,0.000 L0.000,0.000 L0.000,112.000 Z\"\/>\n                    <\/svg>\n                    <div class=\"event-date\">\n                        <strong>30<\/strong> Apr                    <\/div>\n                <\/div>\n                            <\/div>\n                <div class=\"xs-event-content\">\n            <h5 class=\"xs-title\">\n                <a href=\"https:\/\/luismunozmarin.org\/en\/event\/charla-los-efectos-sociales-ecologicos-y-tecnologicos-del-huracan-maria-sobre-puerto-rico\/\">Charla: Los efectos sociales, ecol\u00f3gicos y tecnol\u00f3gicos del Hurac\u00e1n Mar\u00eda sobre Puerto Rico<\/a>\n            <\/h5>\n            <ul class=\"xs-event-list\">\n                                \n                            <\/ul>\n        <\/div>\n    <\/div>\n<\/div>                    \n                    <div class=\"col-lg-4 col-md-6\">\n    <div class=\"xs-single-event\">\n                    <div class=\"xs-event-image\">\n                <img loading=\"lazy\" decoding=\"async\" width=\"1170\" height=\"450\" src=\"https:\/\/luismunozmarin.org\/wp-content\/uploads\/2018\/09\/soldiers-of-the-nation.jpg\" class=\"xs-ch__image\" alt=\"Presentaci\u00f3n del libro \u00abSoldiers of the Nation Military Service and Modern Puerto Rico 1868-1952\u00bb\" srcset=\"https:\/\/luismunozmarin.org\/wp-content\/uploads\/2018\/09\/soldiers-of-the-nation.jpg 1170w, https:\/\/luismunozmarin.org\/wp-content\/uploads\/2018\/09\/soldiers-of-the-nation-600x231.jpg 600w, https:\/\/luismunozmarin.org\/wp-content\/uploads\/2018\/09\/soldiers-of-the-nation-768x295.jpg 768w\" sizes=\"(max-width: 1170px) 100vw, 1170px\" \/>                <div class=\"event-date-wraper\">\n                    <svg xmlns=\"http:\/\/www.w3.org\/2000\/svg\" xmlns:xlink=\"http:\/\/www.w3.org\/1999\/xlink\" viewBox=\"0 0 112 112\" preserveAspectRatio=\"none\" width=\"112\" height=\"112\">\n                        <path fill-rule=\"evenodd\" d=\"M0.000,112.000 L112.000,0.000 L0.000,0.000 L0.000,112.000 Z\"\/>\n                    <\/svg>\n                    <div class=\"event-date\">\n                        <strong>30<\/strong> Apr                    <\/div>\n                <\/div>\n                            <\/div>\n                <div class=\"xs-event-content\">\n            <h5 class=\"xs-title\">\n                <a href=\"https:\/\/luismunozmarin.org\/en\/event\/presentacion-del-libro-soldiers-of-the-nation-military-service-and-modern-puerto-rico-1868-1952\/\">Presentaci\u00f3n del libro \u00abSoldiers of the Nation Military Service and Modern Puerto Rico 1868-1952\u00bb<\/a>\n            <\/h5>\n            <ul class=\"xs-event-list\">\n                                \n                            <\/ul>\n        <\/div>\n    <\/div>\n<\/div>                    \n                    <div class=\"col-lg-4 col-md-6\">\n    <div class=\"xs-single-event\">\n                    <div class=\"xs-event-image\">\n                <img loading=\"lazy\" decoding=\"async\" width=\"1170\" height=\"450\" src=\"https:\/\/luismunozmarin.org\/wp-content\/uploads\/2018\/09\/parque-dona-ines.jpg\" class=\"xs-ch__image\" alt=\"4ta. Feria del \u00c1rbol\" srcset=\"https:\/\/luismunozmarin.org\/wp-content\/uploads\/2018\/09\/parque-dona-ines.jpg 1170w, https:\/\/luismunozmarin.org\/wp-content\/uploads\/2018\/09\/parque-dona-ines-600x231.jpg 600w, https:\/\/luismunozmarin.org\/wp-content\/uploads\/2018\/09\/parque-dona-ines-768x295.jpg 768w\" sizes=\"(max-width: 1170px) 100vw, 1170px\" \/>                <div class=\"event-date-wraper\">\n                    <svg xmlns=\"http:\/\/www.w3.org\/2000\/svg\" xmlns:xlink=\"http:\/\/www.w3.org\/1999\/xlink\" viewBox=\"0 0 112 112\" preserveAspectRatio=\"none\" width=\"112\" height=\"112\">\n                        <path fill-rule=\"evenodd\" d=\"M0.000,112.000 L112.000,0.000 L0.000,0.000 L0.000,112.000 Z\"\/>\n                    <\/svg>\n                    <div class=\"event-date\">\n                        <strong>30<\/strong> Apr                    <\/div>\n                <\/div>\n                            <\/div>\n                <div class=\"xs-event-content\">\n            <h5 class=\"xs-title\">\n                <a href=\"https:\/\/luismunozmarin.org\/en\/event\/4ta-feria-del-arbol\/\">4ta. Feria del \u00c1rbol<\/a>\n            <\/h5>\n            <ul class=\"xs-event-list\">\n                                \n                            <\/ul>\n        <\/div>\n    <\/div>\n<\/div>                    \n                    <div class=\"col-lg-4 col-md-6\">\n    <div class=\"xs-single-event\">\n                    <div class=\"xs-event-image\">\n                <img loading=\"lazy\" decoding=\"async\" width=\"1170\" height=\"450\" src=\"https:\/\/luismunozmarin.org\/wp-content\/uploads\/2019\/04\/prejuicios-y-barreras-de-los-comunicadores.jpg\" class=\"xs-ch__image\" alt=\"Los prejuicios y barreras de los comunicadores j\u00f3venes ante el cambio generacional de la prensa\" srcset=\"https:\/\/luismunozmarin.org\/wp-content\/uploads\/2019\/04\/prejuicios-y-barreras-de-los-comunicadores.jpg 1170w, https:\/\/luismunozmarin.org\/wp-content\/uploads\/2019\/04\/prejuicios-y-barreras-de-los-comunicadores-600x231.jpg 600w, https:\/\/luismunozmarin.org\/wp-content\/uploads\/2019\/04\/prejuicios-y-barreras-de-los-comunicadores-768x295.jpg 768w\" sizes=\"(max-width: 1170px) 100vw, 1170px\" \/>                <div class=\"event-date-wraper\">\n                    <svg xmlns=\"http:\/\/www.w3.org\/2000\/svg\" xmlns:xlink=\"http:\/\/www.w3.org\/1999\/xlink\" viewBox=\"0 0 112 112\" preserveAspectRatio=\"none\" width=\"112\" height=\"112\">\n                        <path fill-rule=\"evenodd\" d=\"M0.000,112.000 L112.000,0.000 L0.000,0.000 L0.000,112.000 Z\"\/>\n                    <\/svg>\n                    <div class=\"event-date\">\n                        <strong>30<\/strong> Apr                    <\/div>\n                <\/div>\n                            <\/div>\n                <div class=\"xs-event-content\">\n            <h5 class=\"xs-title\">\n                <a href=\"https:\/\/luismunozmarin.org\/en\/event\/los-prejuicios-y-barreras-de-los-comunicadores-jovenes-ante-el-cambio-generacional-de-la-prensa\/\">Los prejuicios y barreras de los comunicadores j\u00f3venes ante el cambio generacional de la prensa<\/a>\n            <\/h5>\n            <ul class=\"xs-event-list\">\n                                \n                            <\/ul>\n        <\/div>\n    <\/div>\n<\/div>                    \n                    <div class=\"col-lg-4 col-md-6\">\n    <div class=\"xs-single-event\">\n                    <div class=\"xs-event-image\">\n                <img loading=\"lazy\" decoding=\"async\" width=\"1170\" height=\"450\" src=\"https:\/\/luismunozmarin.org\/wp-content\/uploads\/2020\/02\/talleres-sabatinos.gif\" class=\"xs-ch__image\" alt=\"Talleres Sabatinos\" \/>                <div class=\"event-date-wraper\">\n                    <svg xmlns=\"http:\/\/www.w3.org\/2000\/svg\" xmlns:xlink=\"http:\/\/www.w3.org\/1999\/xlink\" viewBox=\"0 0 112 112\" preserveAspectRatio=\"none\" width=\"112\" height=\"112\">\n                        <path fill-rule=\"evenodd\" d=\"M0.000,112.000 L112.000,0.000 L0.000,0.000 L0.000,112.000 Z\"\/>\n                    <\/svg>\n                    <div class=\"event-date\">\n                        <strong>30<\/strong> Apr                    <\/div>\n                <\/div>\n                            <\/div>\n                <div class=\"xs-event-content\">\n            <h5 class=\"xs-title\">\n                <a href=\"https:\/\/luismunozmarin.org\/en\/event\/talleres-sabatinos-2020\/\">Talleres Sabatinos<\/a>\n            <\/h5>\n            <ul class=\"xs-event-list\">\n                                \n                            <\/ul>\n        <\/div>\n    <\/div>\n<\/div>                    \n                                        <\/div>\n                    \t\t\t\t<\/div>\n\t\t\t\t<\/div>\n\t\t\t\t\t<\/div>\n\t\t<\/div>\n\t\t\t\t\t<\/div>\n\t\t<\/section>\n\t\t\t\t<\/div>\n\t\t","protected":false},"excerpt":{"rendered":"<p>02 Jun Cine propaganda y gobierno en Puerto Rico 02 Jun Luis Ramos y la eternidad del instante. Fotos de un Puerto Rico en transici\u00f3n. 02 Jun Seminario para Maestros: Puerto Rico, el Caribe: frontera de la Guerra Fr\u00eda 02 Jun Presentaci\u00f3n del libro \u00abJos\u00e9 Tr\u00edas Monge: Estado Libre Asociado y el reformismo jur\u00eddico colonial, [&hellip;]<\/p>\n","protected":false},"author":1,"featured_media":0,"parent":0,"menu_order":0,"comment_status":"closed","ping_status":"closed","template":"elementor_header_footer","meta":{"inline_featured_image":false,"footnotes":""},"class_list":["post-448","page","type-page","status-publish","hentry"],"_links":{"self":[{"href":"https:\/\/luismunozmarin.org\/en\/wp-json\/wp\/v2\/pages\/448","targetHints":{"allow":["GET"]}}],"collection":[{"href":"https:\/\/luismunozmarin.org\/en\/wp-json\/wp\/v2\/pages"}],"about":[{"href":"https:\/\/luismunozmarin.org\/en\/wp-json\/wp\/v2\/types\/page"}],"author":[{"embeddable":true,"href":"https:\/\/luismunozmarin.org\/en\/wp-json\/wp\/v2\/users\/1"}],"replies":[{"embeddable":true,"href":"https:\/\/luismunozmarin.org\/en\/wp-json\/wp\/v2\/comments?post=448"}],"version-history":[{"count":0,"href":"https:\/\/luismunozmarin.org\/en\/wp-json\/wp\/v2\/pages\/448\/revisions"}],"wp:attachment":[{"href":"https:\/\/luismunozmarin.org\/en\/wp-json\/wp\/v2\/media?parent=448"}],"curies":[{"name":"wp","href":"https:\/\/api.w.org\/{rel}","templated":true}]}}